{"id":47706,"date":"2026-04-30T09:40:22","date_gmt":"2026-04-30T13:40:22","guid":{"rendered":"https:\/\/autravail.ca\/?post_type=product&#038;p=47706"},"modified":"2026-04-30T11:30:40","modified_gmt":"2026-04-30T15:30:40","slug":"veste-de-securite-6958-v1023850","status":"publish","type":"product","link":"https:\/\/autravail.ca\/en\/product\/veste-de-securite-6958-v1023850\/","title":{"rendered":"Veste de s\u00e9curit\u00e9 &#8211; 6958 V1023850"},"content":{"rendered":"<h3>Veste de s\u00e9curit\u00e9 &#8211; 6958 V1023850<\/h3>\n<p>Veste de s\u00e9curit\u00e9 &#8211; 6958 V1023850. Ces vestes de protection haute visibilit\u00e9 vous aident \u00e0 vous d\u00e9marquer et \u00e0 \u00eatre bien visible sur le chantier.<\/p>\n<p>Characteristics:<\/p>\n<ul>\n<li class=\"a-spacing-mini\"><span class=\"a-list-item\">Le gilet de s\u00e9curit\u00e9 haute visibilit\u00e9 Pioneer multi-poches \u00e0 fermeture \u00e9clair pour homme et femme est id\u00e9al pour les travaux routiers, la construction, le contr\u00f4le de la circulation, les environnements industriels<\/span><\/li>\n<li class=\"a-spacing-mini\"><span class=\"a-list-item\">Restez en s\u00e9curit\u00e9 avec la bande r\u00e9fl\u00e9chissante Startech exclusive et orange haute visibilit\u00e9 r\u00e9pond aux normes CSA Z96-22 classe 2 niveau 2 et ANSI\/ISEA 107-20 classe 2 type P et R<\/span><\/li>\n<li class=\"a-spacing-mini\"><span class=\"a-list-item\">5 poches, y compris une poche transparente pour carte d&rsquo;identit\u00e9 et une poche pour t\u00e9l\u00e9phone portable, fente d&rsquo;acc\u00e8s \u00e0 anneau en D pour la protection contre les chutes, 2 sangles \u00e0 clip pour radio, 4 emplacements pour stylos<\/span><\/li>\n<li class=\"a-spacing-mini\"><span class=\"a-list-item\">Le mat\u00e9riau 100 % polyester tricot\u00e9 est durable, l\u00e9ger et offre un confort de travail tout au long de la journ\u00e9e<\/span><\/li>\n<li class=\"a-spacing-mini\"><span class=\"a-list-item\">La fermeture \u00e9clair int\u00e9grale sur le devant offre un ajustement s\u00fbr<\/span><\/li>\n<li>\u00c9quip\u00e9e de bandes r\u00e9fl\u00e9chissantes\u00a0<strong class=\"Yjhzub\" data-sfc-root=\"c\" data-sfc-cb=\"\" data-complete=\"true\">StarTech\u00ae<\/strong>\u00a0argent\u00e9es et jaunes<\/li>\n<li class=\"Z1qcYe\" data-sfc-cp=\"\" data-sfc-root=\"c\" data-sfc-cb=\"\" data-hveid=\"CAsQAA\" data-complete=\"true\" data-sae=\"\"><span class=\"T286Pc\" data-sfc-cp=\"\" data-sfc-root=\"c\" data-sfc-cb=\"\" data-complete=\"true\"><strong class=\"Yjhzub\" data-sfc-root=\"c\" data-sfc-cb=\"\" data-complete=\"true\">CSA Z96-22<\/strong>\u00a0: Classe 2, Niveau 2.<\/span><\/li>\n<li class=\"Z1qcYe\" data-sfc-cp=\"\" data-sfc-root=\"c\" data-sfc-cb=\"\" data-hveid=\"CAsQAQ\" data-complete=\"true\" data-sae=\"\"><span class=\"T286Pc\" data-sfc-cp=\"\" data-sfc-root=\"c\" data-sfc-cb=\"\" data-complete=\"true\" aria-owns=\"action-menu-parent-container\"><strong class=\"Yjhzub\" data-sfc-root=\"c\" data-sfc-cb=\"\" data-complete=\"true\">ANSI\/ISEA 107-2020<\/strong>\u00a0: Classe 2, Type P et R.<\/span><\/li>\n<\/ul>\n<p><img decoding=\"async\" class=\"alignnone wp-image-40620\" src=\"https:\/\/autravail.ca\/wp-content\/uploads\/2025\/09\/Jachete-quebec-et-canada.jpg\" alt=\"Logo de l'achat local\" width=\"162\" height=\"139\" \/>Merci d&rsquo;encourager une entreprise 100% d&rsquo;ici!<\/p>\n<p>TS2604H<\/p>","protected":false},"excerpt":{"rendered":"<p>Veste de s\u00e9curit\u00e9 &#8211; 6958 V1023850 Veste de s\u00e9curit\u00e9 &#8211; 6958 V1023850. Ces vestes de protection haute visibilit\u00e9 vous aident \u00e0 vous d\u00e9marquer et \u00e0 \u00eatre bien visible sur le chantier. Caract\u00e9ristiques: Le gilet de s\u00e9curit\u00e9 haute visibilit\u00e9 Pioneer multi-poches \u00e0 fermeture \u00e9clair pour homme et femme est id\u00e9al pour les travaux routiers, la construction, [&hellip;]<\/p>","protected":false},"featured_media":47759,"comment_status":"open","ping_status":"closed","template":"","meta":[],"product_cat":[599,633,602,826,604,658],"product_tag":[255,242,291],"class_list":{"0":"post-47706","1":"product","2":"type-product","3":"status-publish","4":"has-post-thumbnail","6":"product_brand-magasin-industriel","7":"product_brand-surewerx","8":"product_cat-apparel-accessories","9":"product_cat-femmes","10":"product_cat-hommes","11":"product_cat-veste-sans-manche","12":"product_cat-vetements-de-travail","13":"product_cat-vetements-haute-visibilite","14":"product_tag-femme","15":"product_tag-homme","16":"product_tag-vetements-haute-visibilite","18":"first","19":"instock","20":"taxable","21":"shipping-taxable","22":"purchasable","23":"product-type-variable"},"yoast_head":"<!-- This site is optimized with the Yoast SEO plugin v25.3.1 - https:\/\/yoast.com\/wordpress\/plugins\/seo\/ -->\n<title>Veste de s\u00e9curit\u00e9 - 6958 V1023850 - Le Magasin Industriel<\/title>\n<meta name=\"description\" content=\"Veste de s\u00e9curit\u00e9 - 6958 V1023850 vestes de protection haute visibilit\u00e9 vous aident \u00e0 vous d\u00e9marquer et \u00e0 \u00eatre bien visible sur le chantier\" \/>\n<meta name=\"robots\" content=\"index, follow, max-snippet:-1, max-image-preview:large, max-video-preview:-1\" \/>\n<link rel=\"canonical\" href=\"https:\/\/autravail.ca\/en\/product\/veste-de-securite-6958-v1023850\/\" \/>\n<meta property=\"og:locale\" content=\"en_US\" \/>\n<meta property=\"og:type\" content=\"article\" \/>\n<meta property=\"og:title\" content=\"Veste de s\u00e9curit\u00e9 - 6958 V1023850 - Le Magasin Industriel\" \/>\n<meta property=\"og:description\" content=\"Veste de s\u00e9curit\u00e9 - 6958 V1023850 vestes de protection haute visibilit\u00e9 vous aident \u00e0 vous d\u00e9marquer et \u00e0 \u00eatre bien visible sur le chantier\" \/>\n<meta property=\"og:url\" content=\"https:\/\/autravail.ca\/en\/product\/veste-de-securite-6958-v1023850\/\" \/>\n<meta property=\"og:site_name\" content=\"Le Magasin Industriel\" \/>\n<meta property=\"article:publisher\" content=\"https:\/\/www.facebook.com\/lemagasinindustriel\/?locale=fr_FR\" \/>\n<meta property=\"article:modified_time\" content=\"2026-04-30T15:30:40+00:00\" \/>\n<meta property=\"og:image\" content=\"https:\/\/autravail.ca\/wp-content\/uploads\/2026\/04\/6958-V1023850_A01-1.jpg\" \/>\n\t<meta property=\"og:image:width\" content=\"1000\" \/>\n\t<meta property=\"og:image:height\" content=\"1000\" \/>\n\t<meta property=\"og:image:type\" content=\"image\/jpeg\" \/>\n<meta name=\"twitter:card\" content=\"summary_large_image\" \/>\n<meta name=\"twitter:label1\" content=\"Est. reading time\" \/>\n\t<meta name=\"twitter:data1\" content=\"2 minutes\" \/>\n<script type=\"application\/ld+json\" class=\"yoast-schema-graph\">{\"@context\":\"https:\/\/schema.org\",\"@graph\":[{\"@type\":\"WebPage\",\"@id\":\"https:\/\/autravail.ca\/product\/veste-de-securite-6958-v1023850\/\",\"url\":\"https:\/\/autravail.ca\/product\/veste-de-securite-6958-v1023850\/\",\"name\":\"Veste de s\u00e9curit\u00e9 - 6958 V1023850 - Le Magasin Industriel\",\"isPartOf\":{\"@id\":\"https:\/\/autravail.ca\/#website\"},\"primaryImageOfPage\":{\"@id\":\"https:\/\/autravail.ca\/product\/veste-de-securite-6958-v1023850\/#primaryimage\"},\"image\":{\"@id\":\"https:\/\/autravail.ca\/product\/veste-de-securite-6958-v1023850\/#primaryimage\"},\"thumbnailUrl\":\"https:\/\/autravail.ca\/wp-content\/uploads\/2026\/04\/6958-V1023850_A01-1.jpg\",\"datePublished\":\"2026-04-30T13:40:22+00:00\",\"dateModified\":\"2026-04-30T15:30:40+00:00\",\"description\":\"Veste de s\u00e9curit\u00e9 - 6958 V1023850 vestes de protection haute visibilit\u00e9 vous aident \u00e0 vous d\u00e9marquer et \u00e0 \u00eatre bien visible sur le chantier\",\"breadcrumb\":{\"@id\":\"https:\/\/autravail.ca\/product\/veste-de-securite-6958-v1023850\/#breadcrumb\"},\"inLanguage\":\"en-CA\",\"potentialAction\":[{\"@type\":\"ReadAction\",\"target\":[\"https:\/\/autravail.ca\/product\/veste-de-securite-6958-v1023850\/\"]}]},{\"@type\":\"ImageObject\",\"inLanguage\":\"en-CA\",\"@id\":\"https:\/\/autravail.ca\/product\/veste-de-securite-6958-v1023850\/#primaryimage\",\"url\":\"https:\/\/autravail.ca\/wp-content\/uploads\/2026\/04\/6958-V1023850_A01-1.jpg\",\"contentUrl\":\"https:\/\/autravail.ca\/wp-content\/uploads\/2026\/04\/6958-V1023850_A01-1.jpg\",\"width\":1000,\"height\":1000,\"caption\":\"Veste de s\u00e9curit\u00e9 - 6958 V1023850\"},{\"@type\":\"BreadcrumbList\",\"@id\":\"https:\/\/autravail.ca\/product\/veste-de-securite-6958-v1023850\/#breadcrumb\",\"itemListElement\":[{\"@type\":\"ListItem\",\"position\":1,\"name\":\"Accueil\",\"item\":\"https:\/\/autravail.ca\/\"},{\"@type\":\"ListItem\",\"position\":2,\"name\":\"Magasin\",\"item\":\"https:\/\/autravail.ca\/en\/shop\/\"},{\"@type\":\"ListItem\",\"position\":3,\"name\":\"Veste de s\u00e9curit\u00e9 &#8211; 6958 V1023850\"}]},{\"@type\":\"WebSite\",\"@id\":\"https:\/\/autravail.ca\/#website\",\"url\":\"https:\/\/autravail.ca\/\",\"name\":\"Le Magasin Industriel\",\"description\":\"50 ans de tradition de s\u00e9curit\u00e9 au travail\",\"publisher\":{\"@id\":\"https:\/\/autravail.ca\/#organization\"},\"potentialAction\":[{\"@type\":\"SearchAction\",\"target\":{\"@type\":\"EntryPoint\",\"urlTemplate\":\"https:\/\/autravail.ca\/?s={search_term_string}\"},\"query-input\":{\"@type\":\"PropertyValueSpecification\",\"valueRequired\":true,\"valueName\":\"search_term_string\"}}],\"inLanguage\":\"en-CA\"},{\"@type\":\"Organization\",\"@id\":\"https:\/\/autravail.ca\/#organization\",\"name\":\"Le Magasin Industriel\",\"url\":\"https:\/\/autravail.ca\/\",\"logo\":{\"@type\":\"ImageObject\",\"inLanguage\":\"en-CA\",\"@id\":\"https:\/\/autravail.ca\/#\/schema\/logo\/image\/\",\"url\":\"https:\/\/autravail.ca\/wp-content\/uploads\/2025\/05\/cropped-magasin_industriel_120x.avif\",\"contentUrl\":\"https:\/\/autravail.ca\/wp-content\/uploads\/2025\/05\/cropped-magasin_industriel_120x.avif\",\"width\":120,\"height\":24,\"caption\":\"Le Magasin Industriel\"},\"image\":{\"@id\":\"https:\/\/autravail.ca\/#\/schema\/logo\/image\/\"},\"sameAs\":[\"https:\/\/www.facebook.com\/lemagasinindustriel\/?locale=fr_FR\"]}]}<\/script>\n<!-- \/ Yoast SEO plugin. -->","yoast_head_json":{"title":"Veste de s\u00e9curit\u00e9 - 6958 V1023850 - Le Magasin Industriel","description":"Veste de s\u00e9curit\u00e9 - 6958 V1023850 vestes de protection haute visibilit\u00e9 vous aident \u00e0 vous d\u00e9marquer et \u00e0 \u00eatre bien visible sur le chantier","robots":{"index":"index","follow":"follow","max-snippet":"max-snippet:-1","max-image-preview":"max-image-preview:large","max-video-preview":"max-video-preview:-1"},"canonical":"https:\/\/autravail.ca\/en\/product\/veste-de-securite-6958-v1023850\/","og_locale":"en_US","og_type":"article","og_title":"Veste de s\u00e9curit\u00e9 - 6958 V1023850 - Le Magasin Industriel","og_description":"Veste de s\u00e9curit\u00e9 - 6958 V1023850 vestes de protection haute visibilit\u00e9 vous aident \u00e0 vous d\u00e9marquer et \u00e0 \u00eatre bien visible sur le chantier","og_url":"https:\/\/autravail.ca\/en\/product\/veste-de-securite-6958-v1023850\/","og_site_name":"Le Magasin Industriel","article_publisher":"https:\/\/www.facebook.com\/lemagasinindustriel\/?locale=fr_FR","article_modified_time":"2026-04-30T15:30:40+00:00","og_image":[{"width":1000,"height":1000,"url":"https:\/\/autravail.ca\/wp-content\/uploads\/2026\/04\/6958-V1023850_A01-1.jpg","type":"image\/jpeg"}],"twitter_card":"summary_large_image","twitter_misc":{"Est. reading time":"2 minutes"},"schema":{"@context":"https:\/\/schema.org","@graph":[{"@type":"WebPage","@id":"https:\/\/autravail.ca\/product\/veste-de-securite-6958-v1023850\/","url":"https:\/\/autravail.ca\/product\/veste-de-securite-6958-v1023850\/","name":"Veste de s\u00e9curit\u00e9 - 6958 V1023850 - Le Magasin Industriel","isPartOf":{"@id":"https:\/\/autravail.ca\/#website"},"primaryImageOfPage":{"@id":"https:\/\/autravail.ca\/product\/veste-de-securite-6958-v1023850\/#primaryimage"},"image":{"@id":"https:\/\/autravail.ca\/product\/veste-de-securite-6958-v1023850\/#primaryimage"},"thumbnailUrl":"https:\/\/autravail.ca\/wp-content\/uploads\/2026\/04\/6958-V1023850_A01-1.jpg","datePublished":"2026-04-30T13:40:22+00:00","dateModified":"2026-04-30T15:30:40+00:00","description":"Veste de s\u00e9curit\u00e9 - 6958 V1023850 vestes de protection haute visibilit\u00e9 vous aident \u00e0 vous d\u00e9marquer et \u00e0 \u00eatre bien visible sur le chantier","breadcrumb":{"@id":"https:\/\/autravail.ca\/product\/veste-de-securite-6958-v1023850\/#breadcrumb"},"inLanguage":"en-CA","potentialAction":[{"@type":"ReadAction","target":["https:\/\/autravail.ca\/product\/veste-de-securite-6958-v1023850\/"]}]},{"@type":"ImageObject","inLanguage":"en-CA","@id":"https:\/\/autravail.ca\/product\/veste-de-securite-6958-v1023850\/#primaryimage","url":"https:\/\/autravail.ca\/wp-content\/uploads\/2026\/04\/6958-V1023850_A01-1.jpg","contentUrl":"https:\/\/autravail.ca\/wp-content\/uploads\/2026\/04\/6958-V1023850_A01-1.jpg","width":1000,"height":1000,"caption":"Veste de s\u00e9curit\u00e9 - 6958 V1023850"},{"@type":"BreadcrumbList","@id":"https:\/\/autravail.ca\/product\/veste-de-securite-6958-v1023850\/#breadcrumb","itemListElement":[{"@type":"ListItem","position":1,"name":"Accueil","item":"https:\/\/autravail.ca\/"},{"@type":"ListItem","position":2,"name":"Magasin","item":"https:\/\/autravail.ca\/en\/shop\/"},{"@type":"ListItem","position":3,"name":"Veste de s\u00e9curit\u00e9 &#8211; 6958 V1023850"}]},{"@type":"WebSite","@id":"https:\/\/autravail.ca\/#website","url":"https:\/\/autravail.ca\/","name":"Le Magasin Industriel","description":"50 ans de tradition de s\u00e9curit\u00e9 au travail","publisher":{"@id":"https:\/\/autravail.ca\/#organization"},"potentialAction":[{"@type":"SearchAction","target":{"@type":"EntryPoint","urlTemplate":"https:\/\/autravail.ca\/?s={search_term_string}"},"query-input":{"@type":"PropertyValueSpecification","valueRequired":true,"valueName":"search_term_string"}}],"inLanguage":"en-CA"},{"@type":"Organization","@id":"https:\/\/autravail.ca\/#organization","name":"Le Magasin Industriel","url":"https:\/\/autravail.ca\/","logo":{"@type":"ImageObject","inLanguage":"en-CA","@id":"https:\/\/autravail.ca\/#\/schema\/logo\/image\/","url":"https:\/\/autravail.ca\/wp-content\/uploads\/2025\/05\/cropped-magasin_industriel_120x.avif","contentUrl":"https:\/\/autravail.ca\/wp-content\/uploads\/2025\/05\/cropped-magasin_industriel_120x.avif","width":120,"height":24,"caption":"Le Magasin Industriel"},"image":{"@id":"https:\/\/autravail.ca\/#\/schema\/logo\/image\/"},"sameAs":["https:\/\/www.facebook.com\/lemagasinindustriel\/?locale=fr_FR"]}]}},"jetpack_sharing_enabled":true,"_links":{"self":[{"href":"https:\/\/autravail.ca\/en\/wp-json\/wp\/v2\/product\/47706","targetHints":{"allow":["GET"]}}],"collection":[{"href":"https:\/\/autravail.ca\/en\/wp-json\/wp\/v2\/product"}],"about":[{"href":"https:\/\/autravail.ca\/en\/wp-json\/wp\/v2\/types\/product"}],"replies":[{"embeddable":true,"href":"https:\/\/autravail.ca\/en\/wp-json\/wp\/v2\/comments?post=47706"}],"wp:featuredmedia":[{"embeddable":true,"href":"https:\/\/autravail.ca\/en\/wp-json\/wp\/v2\/media\/47759"}],"wp:attachment":[{"href":"https:\/\/autravail.ca\/en\/wp-json\/wp\/v2\/media?parent=47706"}],"wp:term":[{"taxonomy":"product_cat","embeddable":true,"href":"https:\/\/autravail.ca\/en\/wp-json\/wp\/v2\/product_cat?post=47706"},{"taxonomy":"product_tag","embeddable":true,"href":"https:\/\/autravail.ca\/en\/wp-json\/wp\/v2\/product_tag?post=47706"}],"curies":[{"name":"wp","href":"https:\/\/api.w.org\/{rel}","templated":true}]}}