{"id":24402,"date":"2025-05-08T06:07:20","date_gmt":"2025-05-08T06:07:20","guid":{"rendered":"https:\/\/meteoquebec.ca\/?post_type=product&#038;p=24402"},"modified":"2026-04-08T13:04:47","modified_gmt":"2026-04-08T17:04:47","slug":"veste-de-travail-sherpa-647","status":"publish","type":"product","link":"https:\/\/autravail.ca\/en\/product\/veste-de-travail-sherpa-647\/","title":{"rendered":"Veste de travail Sherpa &#8211; 647"},"content":{"rendered":"<h3>Veste de travail Sherpa &#8211; 647<\/h3>\n<p>Veste de travail Sherpa &#8211; 647 de <a href=\"https:\/\/autravail.ca\/en\/product-brand\/big-bill\/\">Big Bill<\/a> allie la robustesse des v\u00eatements de travail classiques \u00e0 un confort exceptionnel. Son tissu ext\u00e9rieur en serg\u00e9 r\u00e9sistant de 213 g\/m\u00b2 supporte l&rsquo;usure quotidienne, tandis que la doublure en sherpa coll\u00e9e offre une isolation douillette par temps frais. Les empi\u00e8cements \u00e9lastiques sur les c\u00f4t\u00e9s accompagnent vos mouvements, vous offrant une grande libert\u00e9 de mouvement, que vous soyez au travail ou en ext\u00e9rieur. Dot\u00e9 d&rsquo;un pan arri\u00e8re plus long pour une meilleure protection, de poches mains doubl\u00e9es et d&rsquo;une fermeture \u00e9clair en nylon solide, c&rsquo;est une protection fiable contre les caprices de la m\u00e9t\u00e9o.<\/p>\n<h6>Characteristics:<\/h6>\n<ul>\n<li><span dir=\"auto\">Isolation coll\u00e9e \u00e0 une doublure en sherpa pour une isolation efficace lors des journ\u00e9es fra\u00eeches<\/span><\/li>\n<li><span dir=\"auto\">teinture longue dur\u00e9e<\/span><\/li>\n<li><span dir=\"auto\">Col en tricot \u00e9lastique<\/span><\/li>\n<li><span dir=\"auto\">Fermeture \u00e9clair frontale en nylon<\/span><\/li>\n<li><span dir=\"auto\">2 poches doubl\u00e9es fendues<\/span><\/li>\n<li><span dir=\"auto\">Queue tombante, offre une protection suppl\u00e9mentaire contre le froid lorsqu&rsquo;on se penche<\/span><\/li>\n<li>Des insertions \u00e9lastiques sur les c\u00f4t\u00e9s de la taille permettent une meilleure aisance de mouvement<\/li>\n<li><span dir=\"auto\">Fil haute r\u00e9sistance<\/span><\/li>\n<li><span dir=\"auto\">Points d&rsquo;arr\u00eat renforc\u00e9s \u00e0 tous les points de tension<\/span><\/li>\n<li><span dir=\"auto\">Entretien : Lavage domestique et industriel<\/span><\/li>\n<\/ul>\n<h6 class=\"h5 specifications-title\"><span dir=\"auto\">Tissu<\/span><\/h6>\n<p class=\"specifications-value\"><span dir=\"auto\">Serg\u00e9 7,5 oz, 65 % polyester \/ 35 % coton<\/span><\/p>\n<h6 class=\"h5 specifications-title\"><span dir=\"auto\">Soins<\/span><\/h6>\n<p class=\"specifications-value\"><span dir=\"auto\">blanchisserie industrielle<\/span><\/p>\n<p><img decoding=\"async\" class=\"alignnone wp-image-40620\" src=\"https:\/\/autravail.ca\/wp-content\/uploads\/2025\/09\/Jachete-quebec-et-canada.jpg\" alt=\"Logo de l'achat local\" width=\"162\" height=\"139\" \/>Merci d&rsquo;encourager une entreprise 100% d&rsquo;ici!<\/p>\n<p>TS2604H<\/p>","protected":false},"excerpt":{"rendered":"<p>Veste de travail Sherpa &#8211; 647 Veste de travail Sherpa &#8211; 647 de Big Bill allie la robustesse des v\u00eatements de travail classiques \u00e0 un confort exceptionnel. Son tissu ext\u00e9rieur en serg\u00e9 r\u00e9sistant de 213 g\/m\u00b2 supporte l&rsquo;usure quotidienne, tandis que la doublure en sherpa coll\u00e9e offre une isolation douillette par temps frais. Les empi\u00e8cements [&hellip;]<\/p>","protected":false},"featured_media":6844,"comment_status":"open","ping_status":"closed","template":"","meta":[],"product_cat":[599,826,604],"product_tag":[242,250],"class_list":{"0":"post-24402","1":"product","2":"type-product","3":"status-publish","4":"has-post-thumbnail","6":"product_brand-big-bill","7":"product_cat-apparel-accessories","8":"product_cat-veste-sans-manche","9":"product_cat-vetements-de-travail","10":"product_tag-homme","11":"product_tag-manteaux","13":"first","14":"instock","15":"taxable","16":"shipping-taxable","17":"purchasable","18":"product-type-variable"},"yoast_head":"<!-- This site is optimized with the Yoast SEO plugin v25.3.1 - https:\/\/yoast.com\/wordpress\/plugins\/seo\/ -->\n<title>Veste de travail Sherpa - 647 - Le Magasin Industriel<\/title>\n<meta name=\"description\" content=\"Veste de travail Sherpa - 647 doubl\u00e9 en Sherpa allie la robustesse des v\u00eatements de travail classiques \u00e0 un confort exceptionnel\" \/>\n<meta name=\"robots\" content=\"index, follow, max-snippet:-1, max-image-preview:large, max-video-preview:-1\" \/>\n<link rel=\"canonical\" href=\"https:\/\/autravail.ca\/en\/product\/veste-de-travail-sherpa-647\/\" \/>\n<meta property=\"og:locale\" content=\"en_US\" \/>\n<meta property=\"og:type\" content=\"article\" \/>\n<meta property=\"og:title\" content=\"Veste de travail Sherpa - 647 - Le Magasin Industriel\" \/>\n<meta property=\"og:description\" content=\"Veste de travail Sherpa - 647 doubl\u00e9 en Sherpa allie la robustesse des v\u00eatements de travail classiques \u00e0 un confort exceptionnel\" \/>\n<meta property=\"og:url\" content=\"https:\/\/autravail.ca\/en\/product\/veste-de-travail-sherpa-647\/\" \/>\n<meta property=\"og:site_name\" content=\"Le Magasin Industriel\" \/>\n<meta property=\"article:publisher\" content=\"https:\/\/www.facebook.com\/lemagasinindustriel\/?locale=fr_FR\" \/>\n<meta property=\"article:modified_time\" content=\"2026-04-08T17:04:47+00:00\" \/>\n<meta property=\"og:image\" content=\"https:\/\/autravail.ca\/wp-content\/uploads\/2025\/05\/647_NAY_A01.jpg\" \/>\n\t<meta property=\"og:image:width\" content=\"1000\" \/>\n\t<meta property=\"og:image:height\" content=\"1000\" \/>\n\t<meta property=\"og:image:type\" content=\"image\/jpeg\" \/>\n<meta name=\"twitter:card\" content=\"summary_large_image\" \/>\n<meta name=\"twitter:label1\" content=\"Est. reading time\" \/>\n\t<meta name=\"twitter:data1\" content=\"2 minutes\" \/>\n<script type=\"application\/ld+json\" class=\"yoast-schema-graph\">{\"@context\":\"https:\/\/schema.org\",\"@graph\":[{\"@type\":\"WebPage\",\"@id\":\"https:\/\/autravail.ca\/product\/veste-de-travail-sherpa-647\/\",\"url\":\"https:\/\/autravail.ca\/product\/veste-de-travail-sherpa-647\/\",\"name\":\"Veste de travail Sherpa - 647 - Le Magasin Industriel\",\"isPartOf\":{\"@id\":\"https:\/\/autravail.ca\/#website\"},\"primaryImageOfPage\":{\"@id\":\"https:\/\/autravail.ca\/product\/veste-de-travail-sherpa-647\/#primaryimage\"},\"image\":{\"@id\":\"https:\/\/autravail.ca\/product\/veste-de-travail-sherpa-647\/#primaryimage\"},\"thumbnailUrl\":\"https:\/\/autravail.ca\/wp-content\/uploads\/2025\/05\/647_NAY_A01.jpg\",\"datePublished\":\"2025-05-08T06:07:20+00:00\",\"dateModified\":\"2026-04-08T17:04:47+00:00\",\"description\":\"Veste de travail Sherpa - 647 doubl\u00e9 en Sherpa allie la robustesse des v\u00eatements de travail classiques \u00e0 un confort exceptionnel\",\"breadcrumb\":{\"@id\":\"https:\/\/autravail.ca\/product\/veste-de-travail-sherpa-647\/#breadcrumb\"},\"inLanguage\":\"en-CA\",\"potentialAction\":[{\"@type\":\"ReadAction\",\"target\":[\"https:\/\/autravail.ca\/product\/veste-de-travail-sherpa-647\/\"]}]},{\"@type\":\"ImageObject\",\"inLanguage\":\"en-CA\",\"@id\":\"https:\/\/autravail.ca\/product\/veste-de-travail-sherpa-647\/#primaryimage\",\"url\":\"https:\/\/autravail.ca\/wp-content\/uploads\/2025\/05\/647_NAY_A01.jpg\",\"contentUrl\":\"https:\/\/autravail.ca\/wp-content\/uploads\/2025\/05\/647_NAY_A01.jpg\",\"width\":1000,\"height\":1000,\"caption\":\"Veste de travail Sherpa - 647\"},{\"@type\":\"BreadcrumbList\",\"@id\":\"https:\/\/autravail.ca\/product\/veste-de-travail-sherpa-647\/#breadcrumb\",\"itemListElement\":[{\"@type\":\"ListItem\",\"position\":1,\"name\":\"Accueil\",\"item\":\"https:\/\/autravail.ca\/\"},{\"@type\":\"ListItem\",\"position\":2,\"name\":\"Magasin\",\"item\":\"https:\/\/autravail.ca\/en\/shop\/\"},{\"@type\":\"ListItem\",\"position\":3,\"name\":\"Veste de travail Sherpa &#8211; 647\"}]},{\"@type\":\"WebSite\",\"@id\":\"https:\/\/autravail.ca\/#website\",\"url\":\"https:\/\/autravail.ca\/\",\"name\":\"Le Magasin Industriel\",\"description\":\"50 ans de tradition de s\u00e9curit\u00e9 au travail\",\"publisher\":{\"@id\":\"https:\/\/autravail.ca\/#organization\"},\"potentialAction\":[{\"@type\":\"SearchAction\",\"target\":{\"@type\":\"EntryPoint\",\"urlTemplate\":\"https:\/\/autravail.ca\/?s={search_term_string}\"},\"query-input\":{\"@type\":\"PropertyValueSpecification\",\"valueRequired\":true,\"valueName\":\"search_term_string\"}}],\"inLanguage\":\"en-CA\"},{\"@type\":\"Organization\",\"@id\":\"https:\/\/autravail.ca\/#organization\",\"name\":\"Le Magasin Industriel\",\"url\":\"https:\/\/autravail.ca\/\",\"logo\":{\"@type\":\"ImageObject\",\"inLanguage\":\"en-CA\",\"@id\":\"https:\/\/autravail.ca\/#\/schema\/logo\/image\/\",\"url\":\"https:\/\/autravail.ca\/wp-content\/uploads\/2025\/05\/cropped-magasin_industriel_120x.avif\",\"contentUrl\":\"https:\/\/autravail.ca\/wp-content\/uploads\/2025\/05\/cropped-magasin_industriel_120x.avif\",\"width\":120,\"height\":24,\"caption\":\"Le Magasin Industriel\"},\"image\":{\"@id\":\"https:\/\/autravail.ca\/#\/schema\/logo\/image\/\"},\"sameAs\":[\"https:\/\/www.facebook.com\/lemagasinindustriel\/?locale=fr_FR\"]}]}<\/script>\n<!-- \/ Yoast SEO plugin. -->","yoast_head_json":{"title":"Veste de travail Sherpa - 647 - Le Magasin Industriel","description":"Veste de travail Sherpa - 647 doubl\u00e9 en Sherpa allie la robustesse des v\u00eatements de travail classiques \u00e0 un confort exceptionnel","robots":{"index":"index","follow":"follow","max-snippet":"max-snippet:-1","max-image-preview":"max-image-preview:large","max-video-preview":"max-video-preview:-1"},"canonical":"https:\/\/autravail.ca\/en\/product\/veste-de-travail-sherpa-647\/","og_locale":"en_US","og_type":"article","og_title":"Veste de travail Sherpa - 647 - Le Magasin Industriel","og_description":"Veste de travail Sherpa - 647 doubl\u00e9 en Sherpa allie la robustesse des v\u00eatements de travail classiques \u00e0 un confort exceptionnel","og_url":"https:\/\/autravail.ca\/en\/product\/veste-de-travail-sherpa-647\/","og_site_name":"Le Magasin Industriel","article_publisher":"https:\/\/www.facebook.com\/lemagasinindustriel\/?locale=fr_FR","article_modified_time":"2026-04-08T17:04:47+00:00","og_image":[{"width":1000,"height":1000,"url":"https:\/\/autravail.ca\/wp-content\/uploads\/2025\/05\/647_NAY_A01.jpg","type":"image\/jpeg"}],"twitter_card":"summary_large_image","twitter_misc":{"Est. reading time":"2 minutes"},"schema":{"@context":"https:\/\/schema.org","@graph":[{"@type":"WebPage","@id":"https:\/\/autravail.ca\/product\/veste-de-travail-sherpa-647\/","url":"https:\/\/autravail.ca\/product\/veste-de-travail-sherpa-647\/","name":"Veste de travail Sherpa - 647 - Le Magasin Industriel","isPartOf":{"@id":"https:\/\/autravail.ca\/#website"},"primaryImageOfPage":{"@id":"https:\/\/autravail.ca\/product\/veste-de-travail-sherpa-647\/#primaryimage"},"image":{"@id":"https:\/\/autravail.ca\/product\/veste-de-travail-sherpa-647\/#primaryimage"},"thumbnailUrl":"https:\/\/autravail.ca\/wp-content\/uploads\/2025\/05\/647_NAY_A01.jpg","datePublished":"2025-05-08T06:07:20+00:00","dateModified":"2026-04-08T17:04:47+00:00","description":"Veste de travail Sherpa - 647 doubl\u00e9 en Sherpa allie la robustesse des v\u00eatements de travail classiques \u00e0 un confort exceptionnel","breadcrumb":{"@id":"https:\/\/autravail.ca\/product\/veste-de-travail-sherpa-647\/#breadcrumb"},"inLanguage":"en-CA","potentialAction":[{"@type":"ReadAction","target":["https:\/\/autravail.ca\/product\/veste-de-travail-sherpa-647\/"]}]},{"@type":"ImageObject","inLanguage":"en-CA","@id":"https:\/\/autravail.ca\/product\/veste-de-travail-sherpa-647\/#primaryimage","url":"https:\/\/autravail.ca\/wp-content\/uploads\/2025\/05\/647_NAY_A01.jpg","contentUrl":"https:\/\/autravail.ca\/wp-content\/uploads\/2025\/05\/647_NAY_A01.jpg","width":1000,"height":1000,"caption":"Veste de travail Sherpa - 647"},{"@type":"BreadcrumbList","@id":"https:\/\/autravail.ca\/product\/veste-de-travail-sherpa-647\/#breadcrumb","itemListElement":[{"@type":"ListItem","position":1,"name":"Accueil","item":"https:\/\/autravail.ca\/"},{"@type":"ListItem","position":2,"name":"Magasin","item":"https:\/\/autravail.ca\/en\/shop\/"},{"@type":"ListItem","position":3,"name":"Veste de travail Sherpa &#8211; 647"}]},{"@type":"WebSite","@id":"https:\/\/autravail.ca\/#website","url":"https:\/\/autravail.ca\/","name":"Le Magasin Industriel","description":"50 ans de tradition de s\u00e9curit\u00e9 au travail","publisher":{"@id":"https:\/\/autravail.ca\/#organization"},"potentialAction":[{"@type":"SearchAction","target":{"@type":"EntryPoint","urlTemplate":"https:\/\/autravail.ca\/?s={search_term_string}"},"query-input":{"@type":"PropertyValueSpecification","valueRequired":true,"valueName":"search_term_string"}}],"inLanguage":"en-CA"},{"@type":"Organization","@id":"https:\/\/autravail.ca\/#organization","name":"Le Magasin Industriel","url":"https:\/\/autravail.ca\/","logo":{"@type":"ImageObject","inLanguage":"en-CA","@id":"https:\/\/autravail.ca\/#\/schema\/logo\/image\/","url":"https:\/\/autravail.ca\/wp-content\/uploads\/2025\/05\/cropped-magasin_industriel_120x.avif","contentUrl":"https:\/\/autravail.ca\/wp-content\/uploads\/2025\/05\/cropped-magasin_industriel_120x.avif","width":120,"height":24,"caption":"Le Magasin Industriel"},"image":{"@id":"https:\/\/autravail.ca\/#\/schema\/logo\/image\/"},"sameAs":["https:\/\/www.facebook.com\/lemagasinindustriel\/?locale=fr_FR"]}]}},"jetpack_sharing_enabled":true,"_links":{"self":[{"href":"https:\/\/autravail.ca\/en\/wp-json\/wp\/v2\/product\/24402","targetHints":{"allow":["GET"]}}],"collection":[{"href":"https:\/\/autravail.ca\/en\/wp-json\/wp\/v2\/product"}],"about":[{"href":"https:\/\/autravail.ca\/en\/wp-json\/wp\/v2\/types\/product"}],"replies":[{"embeddable":true,"href":"https:\/\/autravail.ca\/en\/wp-json\/wp\/v2\/comments?post=24402"}],"wp:featuredmedia":[{"embeddable":true,"href":"https:\/\/autravail.ca\/en\/wp-json\/wp\/v2\/media\/6844"}],"wp:attachment":[{"href":"https:\/\/autravail.ca\/en\/wp-json\/wp\/v2\/media?parent=24402"}],"wp:term":[{"taxonomy":"product_cat","embeddable":true,"href":"https:\/\/autravail.ca\/en\/wp-json\/wp\/v2\/product_cat?post=24402"},{"taxonomy":"product_tag","embeddable":true,"href":"https:\/\/autravail.ca\/en\/wp-json\/wp\/v2\/product_tag?post=24402"}],"curies":[{"name":"wp","href":"https:\/\/api.w.org\/{rel}","templated":true}]}}